{"id":156,"date":"2016-06-25T16:47:28","date_gmt":"2016-06-25T15:47:28","guid":{"rendered":"http:\/\/surlechemindesmots.fr\/?page_id=156"},"modified":"2024-02-11T17:03:27","modified_gmt":"2024-02-11T16:03:27","slug":"156-2","status":"publish","type":"page","link":"https:\/\/surlechemindesmots.fr\/index.php\/156-2\/","title":{"rendered":"\u00c9CRIVAIN BIOGRAPHE"},"content":{"rendered":"<p>[et_pb_section admin_label=&#8221;section&#8221; fullwidth=&#8221;on&#8221; specialty=&#8221;off&#8221; inner_shadow=&#8221;off&#8221; parallax=&#8221;off&#8221; background_color=&#8221;#2ea3f2&#8243;][et_pb_fullwidth_header admin_label=&#8221;Fullwidth Header&#8221; title=&#8221;Compagnon biographe&#8221; background_layout=&#8221;dark&#8221; text_orientation=&#8221;center&#8221; header_fullscreen=&#8221;on&#8221; header_scroll_down=&#8221;off&#8221; background_url=&#8221;https:\/\/surlechemindesmots.fr\/wp-content\/uploads\/2016\/06\/iStock_77825081_LARGE.jpg&#8221; parallax=&#8221;on&#8221; parallax_method=&#8221;off&#8221; content_orientation=&#8221;center&#8221; image_orientation=&#8221;center&#8221; custom_button_one=&#8221;off&#8221; button_one_letter_spacing=&#8221;0&#8243; button_one_use_icon=&#8221;default&#8221; button_one_icon_placement=&#8221;right&#8221; button_one_on_hover=&#8221;on&#8221; button_one_letter_spacing_hover=&#8221;0&#8243; custom_button_two=&#8221;off&#8221; button_two_letter_spacing=&#8221;0&#8243; button_two_use_icon=&#8221;default&#8221; button_two_icon_placement=&#8221;right&#8221; button_two_on_hover=&#8221;on&#8221; button_two_letter_spacing_hover=&#8221;0&#8243; title_font_size=&#8221;100&#8243; title_font_color=&#8221;#ffffff&#8221; title_font=&#8221;Source Sans Pro||||&#8221; logo_image_url=&#8221;https:\/\/surlechemindesmots.fr\/wp-content\/uploads\/2016\/06\/plume.png&#8221;] [\/et_pb_fullwidth_header][\/et_pb_section][et_pb_section admin_label=&#8221;section&#8221;][et_pb_row admin_label=&#8221;row&#8221;][et_pb_column type=&#8221;4_4&#8243;][et_pb_text admin_label=&#8221;Text&#8221; background_layout=&#8221;light&#8221; text_orientation=&#8221;left&#8221; use_border_color=&#8221;off&#8221; border_color=&#8221;#ffffff&#8221; border_style=&#8221;solid&#8221;]<\/p>\n<h5 style=\"text-align: justify;\">Je propose mes services aux gens qui veulent raconter leurs souvenirs, \u00e9crire le r\u00e9cit de leur vie ou un moment fort de leur vie. Je pr\u00eate ma plume \u00e0 celles et ceux qui veulent retracer\u00a0l&#8217;histoire d\u2019un parent, d&#8217;un \u00eatre cher, d&#8217;un ami. Et cette histoire, nous en faisons un livre. En toute simplicit\u00e9. En toute complicit\u00e9. En <em>Compagnon Biographe<\/em> : du nom du groupement professionnel que j\u2019ai rejoins et dont je suis signataire de la charte de d\u00e9ontologie.<\/h5>\n<p>&nbsp;<\/p>\n<p style=\"text-align: justify;\"><strong>Un \u00e9crivain biographe <\/strong>a bien s\u00fbr \u00ab\u00a0une bonne plume\u00a0\u00bb mais\u00a0il<strong> doit avant tout savoir vous \u00e9couter.<\/strong> C\u2019est aussi une oreille ! Attentive et bienveillante. Qui ne juge pas. Une relation de confiance est indispensable dans ce type de d\u00e9marche : le \u00ab\u00a0courant\u00a0\u00bb doit passer entre nous ; vous devez heureux de r\u00e9aliser votre livre avec moi.\u00a0D\u2019o\u00f9 l\u2019importance d\u2019une premi\u00e8re rencontre afin de faire connaissance. Voir : <a href=\"https:\/\/surlechemindesmots.fr\/index.php\/notre-collaboration\/\">notre collaboration<\/a><\/p>\n<p style=\"text-align: justify;\">Le travail de l\u2019\u00e9crivain biographe consistera ensuite \u00e0<strong> vous accompagner dans l\u2019\u00e9criture<\/strong>, \u00e0 vous guider&#8230; sur le chemin des mots. Vos mots. L\u2019un des objectifs est, en effet, que vous vous reconnaissiez dans ce livre et que vos proches puissent y retrouver vos expressions, votre sensibilit\u00e9. Fort de mon exp\u00e9rience professionnelle, je serai \u00e0 vos c\u00f4t\u00e9s pour vous aider \u00e0 structurer ce r\u00e9cit de vie. Lorsqu&#8217;on envisage de se raconter, il est parfois difficile de savoir par o\u00f9 commencer\u00a0et comment organiser ses id\u00e9es.<\/p>\n<p style=\"text-align: justify;\">Votre biographie m\u00e9rite \u00e9videmment toute l\u2019attention d\u2019<strong>un professionnel de l\u2019\u00e9criture et de la communication \u00e9crite<\/strong>. Parce qu\u2019une orthographe imparfaite, une grammaire approximative, une ponctuation incertaine desservent le contenu, si passionnant soit-il. Parce qu\u2019une mise en page inadapt\u00e9e &#8211; ou standardis\u00e9e &#8211; serait contraire \u00e0 ma conception de ce m\u00e9tier : chaque vie, chaque personne est unique ; chaque livre doit l\u2019\u00eatre aussi. Y compris sur la forme.\u00a0Je vous assure cette qualit\u00e9 de service jusqu\u2019\u00e0 la remise de votre livre imprim\u00e9. Voir : <a href=\"https:\/\/surlechemindesmots.fr\/index.php\/170-2\/\">vos garanties<\/a><\/p>\n<h5 style=\"text-align: justify;\"><\/h5>\n<h5 style=\"text-align: justify;\">Mais aussi&#8230;<\/h5>\n<p style=\"text-align: justify;\">La finalit\u00e9 du m\u00e9tier d\u2019\u00e9crivain biographe \u00e9tant de mettre des mots sur les souvenirs, je peux aider les familles en d&#8217;autres circonstances, comme un\u00a0mariage (discours), un d\u00e9c\u00e8s (\u00e9loge fun\u00e8bre), un anniversaire ou une f\u00eate de famille (livre-cadeau). Voir \u00e0 ce propos : <a href=\"https:\/\/surlechemindesmots.fr\/index.php\/offrir-ou-soffrir-un-livre-cadeau\/\">offrir (ou s&#8217;offrir) un livre-cadeau\u00a0!<\/a><\/p>\n<p style=\"text-align: justify;\"><strong>Je propose \u00e9galement mes services aux entreprises, aux associations et aux collectivit\u00e9s locales.\u00a0<\/strong>La biographie d\u2019entreprise permet de conserver la trace durable de savoir-faire et de pratiques r\u00e9volus. Elle est l\u2019occasion de raconter une saga familiale, la vie et l\u2019\u00e9volution d\u2019une PME-PMI. Une association relatera\u00a0son histoire, l&#8217;action de\u00a0ses membres fondateurs. Elle rendra hommage\u00a0au travail de ses b\u00e9n\u00e9voles et int\u00e9ressera ses adh\u00e9rents d&#8217;aujourd&#8217;hui et de demain. La biographie d\u2019une collectivit\u00e9 permet de collecter l\u00e0 aussi des souvenirs, de les prot\u00e9ger de l\u2019oubli et de cr\u00e9er du lien entre g\u00e9n\u00e9rations d&#8217;un m\u00eame territoire ; elle constitue alors un outil de communication charg\u00e9 de sens et d\u2019\u00e2me, bien plus qu\u2019une simple plaquette commerciale.<\/p>\n<p style=\"text-align: justify;\"><strong>N&#8217;h\u00e9sitez pas \u00e0 m&#8217;appeler\u00a0au 06 37 37\u00a040 58 pour me pr\u00e9senter vos projets !\u00a0<\/strong><\/p>\n<p>&nbsp;<\/p>\n<p>[\/et_pb_text][et_pb_toggle admin_label=&#8221;Bascule&#8221; title=&#8221;La charte des Compagnons Biographes&#8221; open=&#8221;off&#8221; use_border_color=&#8221;off&#8221; border_color=&#8221;#ffffff&#8221; border_style=&#8221;solid&#8221;]<\/p>\n<p>En devenant Compagnons Biographes, j&#8217;ai souscris les engagements suivants\u00a0:<\/p>\n<ul>\n<li><em>Garantir une totale discr\u00e9tion dans l&#8217;\u00e9coute et la transcription des propos recueillis\u00a0;<\/em><\/li>\n<li><em>Refuser toute implication dans des \u00e9crits diffamatoires ou indignes\u00a0;<\/em><\/li>\n<li><em>Proc\u00e9der par transcription d&#8217;enregistrements sonores, pour garantir fid\u00e9lit\u00e9 de ton et libert\u00e9 de rythme dans l&#8217;expression orale\u00a0;<\/em><\/li>\n<li><em>Livrer un premier travail dit \u00ab galop d&#8217;essai \u00bb permettant de caler finement le ton et le registre d&#8217;\u00e9criture qui pr\u00e9vaudront dans la suite du livre\u00a0;<\/em><\/li>\n<li><em>Offrir une totale libert\u00e9 de choix dans la fr\u00e9quence et le lieu des s\u00e9ances d&#8217;\u00e9coute, puis dans le rythme d&#8217;\u00e9laboration du livre\u00a0;<\/em><\/li>\n<li><em>Garantir la possibilit\u00e9 d&#8217;interrompre cette d\u00e9marche \u00e0 tout stade d&#8217;avancement\u00a0;<\/em><\/li>\n<li><em>Donner la possibilit\u00e9 de tenter l&#8217;aventure autobiographique avec un petit budget, en acceptant la possibilit\u00e9 d&#8217;une dur\u00e9e de r\u00e9alisation tr\u00e8s \u00e9tendue, ou des paiements \u00e9tal\u00e9s\u00a0;<\/em><\/li>\n<li><em>Ne jamais exiger de paiement par avance, hormis le minimum pour une s\u00e9curit\u00e9 garantie entre s\u00e9ances\u00a0;<\/em><\/li>\n<li><em>Offrir un service de A \u00e0 Z : depuis la premi\u00e8re s\u00e9ance d&#8217;enregistrement jusqu&#8217;\u00e0 la production d&#8217;une maquette pagin\u00e9e et illustr\u00e9e pr\u00eate \u00e0 imprimer\u00a0;<\/em><\/li>\n<li><em>\u00catre ouvert \u00e0 toute possibilit\u00e9 de propri\u00e9t\u00e9 intellectuelle, notamment la plus fr\u00e9quente situation : cession des droits patrimoniaux et moraux pour une \u00e9dition \u00e0 compte d&#8217;auteur\u00a0;<\/em><\/li>\n<li><em>Livrer des ouvrages dans une qualit\u00e9 de fran\u00e7ais et une pr\u00e9sentation mat\u00e9rielle impeccables\u00a0;<\/em><\/li>\n<li><em>Fournir, pour la production du livre, une vaste palette de possibilit\u00e9s d&#8217;impression (num\u00e9rique ou par offset, selon le nombre d&#8217;exemplaires souhait\u00e9)\u00a0;<\/em><\/li>\n<li><em>Proscrire entre nous tout r\u00e9gime de commissionnement commercial ;<\/em><\/li>\n<li><em>Livrer des ouvrages dans une qualit\u00e9 de fran\u00e7ais et une pr\u00e9sentation mat\u00e9rielle impeccables.<\/em><\/li>\n<\/ul>\n<p>(extraits de la charte des Compagnons Biographes)<\/p>\n<p>Plus d&#8217;informations sur <a href=\"http:\/\/www.compagnonsbiographes.net\/index.html\">Les Compagnons Biographes<\/a><\/p>\n<p>[\/et_pb_toggle][\/et_pb_column][\/et_pb_row][et_pb_row admin_label=&#8221;Ligne&#8221;][et_pb_column type=&#8221;1_4&#8243;][\/et_pb_column][et_pb_column type=&#8221;1_2&#8243;][et_pb_cta admin_label=&#8221;Appel d&#8217;action&#8221; title=&#8221;D\u00e9couvrir vos garanties&#8221; button_url=&#8221;https:\/\/surlechemindesmots.fr\/index.php\/170-2\/&#8221; url_new_window=&#8221;off&#8221; use_background_color=&#8221;off&#8221; background_color=&#8221;#2ed1f2&#8243; background_layout=&#8221;dark&#8221; text_orientation=&#8221;center&#8221; use_border_color=&#8221;on&#8221; border_color=&#8221;#ffffff&#8221; border_style=&#8221;solid&#8221; custom_button=&#8221;on&#8221; button_letter_spacing=&#8221;0&#8243; button_use_icon=&#8221;default&#8221; button_icon_placement=&#8221;right&#8221; button_on_hover=&#8221;on&#8221; button_letter_spacing_hover=&#8221;0&#8243; header_font_size=&#8221;20&#8243; header_text_color=&#8221;#0cb0c9&#8243; border_width=&#8221;0px&#8221; button_text_size=&#8221;14&#8243; button_text_color=&#8221;#0cb0c9&#8243; button_text_color_hover=&#8221;#ffffff&#8221; button_bg_color_hover=&#8221;#0cb0c9&#8243; button_text=&#8221;Voir&#8221;] [\/et_pb_cta][\/et_pb_column][et_pb_column type=&#8221;1_4&#8243;][\/et_pb_column][\/et_pb_row][\/et_pb_section]<\/p>\n","protected":false},"excerpt":{"rendered":"<p>Je propose mes services aux gens qui veulent raconter leurs souvenirs, \u00e9crire le r\u00e9cit de leur vie ou un moment fort de leur vie. Je pr\u00eate ma plume \u00e0 celles et ceux qui veulent retracer\u00a0l&#8217;histoire d\u2019un parent, d&#8217;un \u00eatre cher, d&#8217;un ami. Et cette histoire, nous en faisons un livre. En toute simplicit\u00e9. En toute [&hellip;]<\/p>\n","protected":false},"author":1,"featured_media":0,"parent":0,"menu_order":0,"comment_status":"closed","ping_status":"closed","template":"","meta":{"_et_pb_use_builder":"on","_et_pb_old_content":"<h2>\u00a0<\/h2>","_et_gb_content_width":"","footnotes":""},"yoast_head":"<!-- This site is optimized with the Yoast SEO plugin v22.5 - https:\/\/yoast.com\/wordpress\/plugins\/seo\/ -->\n<title>\u00c9CRIVAIN BIOGRAPHE - Sur le chemin des mots<\/title>\n<meta name=\"robots\" content=\"index, follow, max-snippet:-1, max-image-preview:large, max-video-preview:-1\" \/>\n<link rel=\"canonical\" href=\"https:\/\/surlechemindesmots.fr\/index.php\/156-2\/\" \/>\n<meta property=\"og:locale\" content=\"fr_FR\" \/>\n<meta property=\"og:type\" content=\"article\" \/>\n<meta property=\"og:title\" content=\"\u00c9CRIVAIN BIOGRAPHE - Sur le chemin des mots\" \/>\n<meta property=\"og:description\" content=\"Je propose mes services aux gens qui veulent raconter leurs souvenirs, \u00e9crire le r\u00e9cit de leur vie ou un moment fort de leur vie. Je pr\u00eate ma plume \u00e0 celles et ceux qui veulent retracer\u00a0l&#039;histoire d\u2019un parent, d&#039;un \u00eatre cher, d&#039;un ami. Et cette histoire, nous en faisons un livre. En toute simplicit\u00e9. En toute [&hellip;]\" \/>\n<meta property=\"og:url\" content=\"https:\/\/surlechemindesmots.fr\/index.php\/156-2\/\" \/>\n<meta property=\"og:site_name\" content=\"Sur le chemin des mots\" \/>\n<meta property=\"article:modified_time\" content=\"2024-02-11T16:03:27+00:00\" \/>\n<meta name=\"twitter:card\" content=\"summary_large_image\" \/>\n<meta name=\"twitter:label1\" content=\"Dur\u00e9e de lecture estim\u00e9e\" \/>\n\t<meta name=\"twitter:data1\" content=\"6 minutes\" \/>\n<script type=\"application\/ld+json\" class=\"yoast-schema-graph\">{\"@context\":\"https:\/\/schema.org\",\"@graph\":[{\"@type\":\"WebPage\",\"@id\":\"https:\/\/surlechemindesmots.fr\/index.php\/156-2\/\",\"url\":\"https:\/\/surlechemindesmots.fr\/index.php\/156-2\/\",\"name\":\"\u00c9CRIVAIN BIOGRAPHE - Sur le chemin des mots\",\"isPartOf\":{\"@id\":\"https:\/\/surlechemindesmots.fr\/#website\"},\"datePublished\":\"2016-06-25T15:47:28+00:00\",\"dateModified\":\"2024-02-11T16:03:27+00:00\",\"breadcrumb\":{\"@id\":\"https:\/\/surlechemindesmots.fr\/index.php\/156-2\/#breadcrumb\"},\"inLanguage\":\"fr-FR\",\"potentialAction\":[{\"@type\":\"ReadAction\",\"target\":[\"https:\/\/surlechemindesmots.fr\/index.php\/156-2\/\"]}]},{\"@type\":\"BreadcrumbList\",\"@id\":\"https:\/\/surlechemindesmots.fr\/index.php\/156-2\/#breadcrumb\",\"itemListElement\":[{\"@type\":\"ListItem\",\"position\":1,\"name\":\"Accueil\",\"item\":\"https:\/\/surlechemindesmots.fr\/\"},{\"@type\":\"ListItem\",\"position\":2,\"name\":\"\u00c9CRIVAIN BIOGRAPHE\"}]},{\"@type\":\"WebSite\",\"@id\":\"https:\/\/surlechemindesmots.fr\/#website\",\"url\":\"https:\/\/surlechemindesmots.fr\/\",\"name\":\"Sur le chemin des mots\",\"description\":\"\",\"potentialAction\":[{\"@type\":\"SearchAction\",\"target\":{\"@type\":\"EntryPoint\",\"urlTemplate\":\"https:\/\/surlechemindesmots.fr\/?s={search_term_string}\"},\"query-input\":\"required name=search_term_string\"}],\"inLanguage\":\"fr-FR\"}]}<\/script>\n<!-- \/ Yoast SEO plugin. -->","yoast_head_json":{"title":"\u00c9CRIVAIN BIOGRAPHE - Sur le chemin des mots","robots":{"index":"index","follow":"follow","max-snippet":"max-snippet:-1","max-image-preview":"max-image-preview:large","max-video-preview":"max-video-preview:-1"},"canonical":"https:\/\/surlechemindesmots.fr\/index.php\/156-2\/","og_locale":"fr_FR","og_type":"article","og_title":"\u00c9CRIVAIN BIOGRAPHE - Sur le chemin des mots","og_description":"Je propose mes services aux gens qui veulent raconter leurs souvenirs, \u00e9crire le r\u00e9cit de leur vie ou un moment fort de leur vie. Je pr\u00eate ma plume \u00e0 celles et ceux qui veulent retracer\u00a0l'histoire d\u2019un parent, d'un \u00eatre cher, d'un ami. Et cette histoire, nous en faisons un livre. En toute simplicit\u00e9. En toute [&hellip;]","og_url":"https:\/\/surlechemindesmots.fr\/index.php\/156-2\/","og_site_name":"Sur le chemin des mots","article_modified_time":"2024-02-11T16:03:27+00:00","twitter_card":"summary_large_image","twitter_misc":{"Dur\u00e9e de lecture estim\u00e9e":"6 minutes"},"schema":{"@context":"https:\/\/schema.org","@graph":[{"@type":"WebPage","@id":"https:\/\/surlechemindesmots.fr\/index.php\/156-2\/","url":"https:\/\/surlechemindesmots.fr\/index.php\/156-2\/","name":"\u00c9CRIVAIN BIOGRAPHE - Sur le chemin des mots","isPartOf":{"@id":"https:\/\/surlechemindesmots.fr\/#website"},"datePublished":"2016-06-25T15:47:28+00:00","dateModified":"2024-02-11T16:03:27+00:00","breadcrumb":{"@id":"https:\/\/surlechemindesmots.fr\/index.php\/156-2\/#breadcrumb"},"inLanguage":"fr-FR","potentialAction":[{"@type":"ReadAction","target":["https:\/\/surlechemindesmots.fr\/index.php\/156-2\/"]}]},{"@type":"BreadcrumbList","@id":"https:\/\/surlechemindesmots.fr\/index.php\/156-2\/#breadcrumb","itemListElement":[{"@type":"ListItem","position":1,"name":"Accueil","item":"https:\/\/surlechemindesmots.fr\/"},{"@type":"ListItem","position":2,"name":"\u00c9CRIVAIN BIOGRAPHE"}]},{"@type":"WebSite","@id":"https:\/\/surlechemindesmots.fr\/#website","url":"https:\/\/surlechemindesmots.fr\/","name":"Sur le chemin des mots","description":"","potentialAction":[{"@type":"SearchAction","target":{"@type":"EntryPoint","urlTemplate":"https:\/\/surlechemindesmots.fr\/?s={search_term_string}"},"query-input":"required name=search_term_string"}],"inLanguage":"fr-FR"}]}},"_links":{"self":[{"href":"https:\/\/surlechemindesmots.fr\/index.php\/wp-json\/wp\/v2\/pages\/156"}],"collection":[{"href":"https:\/\/surlechemindesmots.fr\/index.php\/wp-json\/wp\/v2\/pages"}],"about":[{"href":"https:\/\/surlechemindesmots.fr\/index.php\/wp-json\/wp\/v2\/types\/page"}],"author":[{"embeddable":true,"href":"https:\/\/surlechemindesmots.fr\/index.php\/wp-json\/wp\/v2\/users\/1"}],"replies":[{"embeddable":true,"href":"https:\/\/surlechemindesmots.fr\/index.php\/wp-json\/wp\/v2\/comments?post=156"}],"version-history":[{"count":90,"href":"https:\/\/surlechemindesmots.fr\/index.php\/wp-json\/wp\/v2\/pages\/156\/revisions"}],"predecessor-version":[{"id":1939,"href":"https:\/\/surlechemindesmots.fr\/index.php\/wp-json\/wp\/v2\/pages\/156\/revisions\/1939"}],"wp:attachment":[{"href":"https:\/\/surlechemindesmots.fr\/index.php\/wp-json\/wp\/v2\/media?parent=156"}],"curies":[{"name":"wp","href":"https:\/\/api.w.org\/{rel}","templated":true}]}}