{"id":1652,"date":"2016-08-25T09:35:38","date_gmt":"2016-08-25T08:35:38","guid":{"rendered":"http:\/\/surlechemindesmots.fr\/?page_id=1652"},"modified":"2016-08-27T23:45:49","modified_gmt":"2016-08-27T22:45:49","slug":"tarifspetits-budgets2","status":"publish","type":"page","link":"https:\/\/surlechemindesmots.fr\/index.php\/tarifs\/tarifspetits-budgets2\/","title":{"rendered":"MA PETITE HISTOIRE"},"content":{"rendered":"<p>[et_pb_section admin_label=&#8221;section&#8221; fullwidth=&#8221;on&#8221; specialty=&#8221;off&#8221; inner_shadow=&#8221;off&#8221; parallax=&#8221;off&#8221; background_color=&#8221;#2ea3f2&#8243;][et_pb_fullwidth_header admin_label=&#8221;Fullwidth Header&#8221; title=&#8221;Ma petite histoire &#8221; background_layout=&#8221;dark&#8221; text_orientation=&#8221;center&#8221; header_fullscreen=&#8221;on&#8221; header_scroll_down=&#8221;off&#8221; background_url=&#8221;https:\/\/surlechemindesmots.fr\/wp-content\/uploads\/2016\/06\/iStock_77825081_LARGE.jpg&#8221; parallax=&#8221;off&#8221; parallax_method=&#8221;off&#8221; logo_image_url=&#8221;https:\/\/surlechemindesmots.fr\/wp-content\/uploads\/2016\/06\/plume.png&#8221; content_orientation=&#8221;center&#8221; image_orientation=&#8221;center&#8221; custom_button_one=&#8221;off&#8221; button_one_letter_spacing=&#8221;0&#8243; button_one_use_icon=&#8221;default&#8221; button_one_icon_placement=&#8221;right&#8221; button_one_on_hover=&#8221;on&#8221; button_one_letter_spacing_hover=&#8221;0&#8243; custom_button_two=&#8221;off&#8221; button_two_letter_spacing=&#8221;0&#8243; button_two_use_icon=&#8221;default&#8221; button_two_icon_placement=&#8221;right&#8221; button_two_on_hover=&#8221;on&#8221; button_two_letter_spacing_hover=&#8221;0&#8243; title_font_color=&#8221;#ffffff&#8221; title_font=&#8221;Source Sans Pro||||&#8221; title_font_size=&#8221;90px&#8221;] [\/et_pb_fullwidth_header][\/et_pb_section][et_pb_section admin_label=&#8221;section&#8221;][et_pb_row admin_label=&#8221;row&#8221;][et_pb_column type=&#8221;4_4&#8243;][et_pb_text admin_label=&#8221;Text&#8221; background_layout=&#8221;light&#8221; text_orientation=&#8221;left&#8221; use_border_color=&#8221;off&#8221; border_color=&#8221;#ffffff&#8221; border_style=&#8221;solid&#8221;]<\/p>\n<h5 style=\"text-align: justify;\">Il vous tient \u00e0 c\u0153ur de raconter un \u00e9v\u00e9nement particulier, une p\u00e9riode de votre vie \u00e0 laquelle vous \u00eates attach\u00e9s ou les moments-cl\u00e9s de votre vie. D\u2019en garder une trace \u00e9crite. \u00ab\u00a0Ma petite histoire\u00a0\u00bb est pour vous\u00a0!<\/h5>\n<p>&nbsp;<\/p>\n<p style=\"text-align: justify;\"><span style=\"color: #33cccc;\"><strong>\u00c9tape n\u00b01 : je vous rencontre. <\/strong><\/span>Nous aurons sans doute \u00e9chang\u00e9 une premi\u00e8re fois au t\u00e9l\u00e9phone (ou par mail) sur votre projet, mais il est important que nous fassions plus ample connaissance. \u00ab\u00a0Ma petite histoire\u00a0\u00bb est en effet un r\u00e9cit de vie comme un autre. Certes, nous rentrerons moins dans les d\u00e9tails et deux entretiens (de deux ou trois heures) devraient suffire. Pour autant, vous devez vous sentir \u00e0 l\u2019aise avec moi pour \u00e9changer sur ces anecdotes et autres souvenirs que vous avez choisis de r\u00e9unir dans un livre. Suite \u00e0 ce rendez-vous, gratuit et sans engagement, vous recevez un devis. S\u2019il vous convient, nous convenons d\u2019une date pour nous revoir et commencer l\u2019\u00e9criture de \u00ab\u00a0Ma (votre\u00a0!) petite histoire\u00a0\u00bb. Seul un acompte de garantie (25% du montant global de la facture) vous sera demand\u00e9. Lire aussi\u00a0: <a href=\"https:\/\/surlechemindesmots.fr\/index.php\/notre-premiere-rencontre\/\">notre premi\u00e8re rencontre<\/a><\/p>\n<p style=\"text-align: justify;\"><span style=\"color: #33cccc;\"><strong>\u00c9tape n\u00b02 : vous racontez.\u00a0<\/strong><\/span>Nous pouvons d\u00e9cider de nous voir sur une seule journ\u00e9e (par exemple\u00a0: trois heures le matin, deux heures l\u2019apr\u00e8s-midi) ou alors convenir de deux s\u00e9ances distinctes, espac\u00e9es de quelques jours. C\u2019est vous qui d\u00e9cidez. Par ailleurs, je peux vous accompagner dans l\u2019\u00e9laboration de votre \u00ab petite histoire\u00a0\u00bb, avant notre rendez-vous, gr\u00e2ce \u00e0 un questionnaire qui pourra vous guider sur le chemin des mots\u2026 Lire aussi\u00a0: <a href=\"https:\/\/surlechemindesmots.fr\/index.php\/etape-2-nos-seances-de-travail\/\">nos s\u00e9ances de travail \u00a0<\/a><\/p>\n<p style=\"text-align: justify;\"><span style=\"color: #33cccc;\"><strong>\u00c9tape n\u00b03 : j\u2019\u00e9cris.\u00a0<\/strong><\/span>Lorsque nos entretiens sont termin\u00e9s, mon travail d\u2019\u00e9criture commence. Il\u00a0comprend en r\u00e9alit\u00e9 diff\u00e9rentes \u00e9tapes. \u00c0 commencer par la retranscription de nos \u00e9changes (enregistr\u00e9s afin de restituer fid\u00e8lement vos propos). S\u2019ensuit la r\u00e9daction proprement dite, puis une phase de correction et de relecture. Enfin, je vous adresse la trentaine de pages r\u00e9sultant de nos trois ou quatre heures d\u2019entretien. Lire aussi\u00a0: <a href=\"https:\/\/surlechemindesmots.fr\/index.php\/etape-3-de-retour-a-mon-bureau\/\">de retour \u00e0 mon bureau. <\/a><\/p>\n<p style=\"text-align: justify;\"><strong><span style=\"color: #33cccc;\">\u00c9tape n\u00b04\u00a0: notre dernier entretien.<\/span>\u00a0<\/strong>Je prends connaissance de vos observations\u00a0: \u00e0 la relecture, vous souhaitez parfois effectuer des ajouts ou au contraire retirer des passages\u00a0de votre r\u00e9cit. Nous proc\u00e9dons \u00e0 ces corrections, ensemble, lors de cette ultime s\u00e9ance. Nous \u00e9changeons, ensuite, sur les photos que vous souhaiterez retrouver en couverture et au fil des pages. Cette derni\u00e8re s\u00e9ance dure en moyenne deux heures. La mise en page vous est offerte. Le r\u00e9sultat final vous sera remis sur\u00a0un\u00a0fichier num\u00e9rique, transmis par courriel, la semaine suivante. Lire aussi\u00a0: <a href=\"https:\/\/surlechemindesmots.fr\/index.php\/etape-4-la-derniere-seance\/\">la derni\u00e8re s\u00e9ance<\/a>.<\/p>\n<p>[\/et_pb_text][et_pb_accordion admin_label=&#8221;Accord\u00e9on&#8221; use_border_color=&#8221;off&#8221; border_color=&#8221;#ffffff&#8221; border_style=&#8221;solid&#8221;] [et_pb_accordion_item]<\/p>\n<p style=\"text-align: justify;\"><strong>Combien \u00e7a co\u00fbte ?<\/strong>\u00a0Pour rappel, un entretien d\u2019une heure n\u00e9cessite ensuite quatre heures de travail (en moyenne) : retranscription, r\u00e9daction, correction et relecture&#8230; Par cons\u00e9quent, une \u00ab\u00a0petite histoire\u00a0\u00bb racont\u00e9e en 4 heures engendre,\u00a0de retour \u00e0 mon bureau, environ\u00a016 heures de travail. Soit 20 heures, au total. Auquel cas, mon tarif horaire \u00e9tant de 35\u20ac, je facture : 20 x 35\u00a0= 700 (\u20ac). Bon \u00e0 savoir\u00a0: s\u2019il y a tr\u00e8s peu de corrections et que le choix et l\u2019emplacement des photos ont d\u00e9j\u00e0 \u00e9t\u00e9 arr\u00eat\u00e9s (par exemple : lors de nos entrevues pr\u00e9c\u00e9dentes), vous faites \u00ab l\u2019\u00e9conomie\u00a0\u00bb de l&#8217;\u00e9tape n\u00b04. Nous \u00e9changeons alors, simplement, par mail, voire par t\u00e9l\u00e9phone. Il restera \u00e0 votre charge le seul co\u00fbt d\u2019impression du livre. Lire aussi\u00a0: <a href=\"http:\/\/Auquel cas, mon tarif horaire \u00e9tant de 35\u20ac : 20 x 35\u00a0= 700 (\u20ac).\">tarifs en d\u00e9tail.<\/a><\/p>\n<p>[\/et_pb_accordion_item] [\/et_pb_accordion][\/et_pb_column][\/et_pb_row][\/et_pb_section]<\/p>\n","protected":false},"excerpt":{"rendered":"<p>Il vous tient \u00e0 c\u0153ur de raconter un \u00e9v\u00e9nement particulier, une p\u00e9riode de votre vie \u00e0 laquelle vous \u00eates attach\u00e9s ou les moments-cl\u00e9s de votre vie. D\u2019en garder une trace \u00e9crite. \u00ab\u00a0Ma petite histoire\u00a0\u00bb est pour vous\u00a0! &nbsp; \u00c9tape n\u00b01 : je vous rencontre. Nous aurons sans doute \u00e9chang\u00e9 une premi\u00e8re fois au t\u00e9l\u00e9phone (ou [&hellip;]<\/p>\n","protected":false},"author":1,"featured_media":0,"parent":73,"menu_order":4,"comment_status":"closed","ping_status":"closed","template":"","meta":{"_et_pb_use_builder":"on","_et_pb_old_content":"","_et_gb_content_width":"","footnotes":""},"yoast_head":"<!-- This site is optimized with the Yoast SEO plugin v22.5 - https:\/\/yoast.com\/wordpress\/plugins\/seo\/ -->\n<title>MA PETITE HISTOIRE - Sur le chemin des mots<\/title>\n<meta name=\"robots\" content=\"index, follow, max-snippet:-1, max-image-preview:large, max-video-preview:-1\" \/>\n<link rel=\"canonical\" href=\"https:\/\/surlechemindesmots.fr\/index.php\/tarifs\/tarifspetits-budgets2\/\" \/>\n<meta property=\"og:locale\" content=\"fr_FR\" \/>\n<meta property=\"og:type\" content=\"article\" \/>\n<meta property=\"og:title\" content=\"MA PETITE HISTOIRE - Sur le chemin des mots\" \/>\n<meta property=\"og:description\" content=\"Il vous tient \u00e0 c\u0153ur de raconter un \u00e9v\u00e9nement particulier, une p\u00e9riode de votre vie \u00e0 laquelle vous \u00eates attach\u00e9s ou les moments-cl\u00e9s de votre vie. D\u2019en garder une trace \u00e9crite. \u00ab\u00a0Ma petite histoire\u00a0\u00bb est pour vous\u00a0! &nbsp; \u00c9tape n\u00b01 : je vous rencontre. Nous aurons sans doute \u00e9chang\u00e9 une premi\u00e8re fois au t\u00e9l\u00e9phone (ou [&hellip;]\" \/>\n<meta property=\"og:url\" content=\"https:\/\/surlechemindesmots.fr\/index.php\/tarifs\/tarifspetits-budgets2\/\" \/>\n<meta property=\"og:site_name\" content=\"Sur le chemin des mots\" \/>\n<meta property=\"article:modified_time\" content=\"2016-08-27T22:45:49+00:00\" \/>\n<meta name=\"twitter:card\" content=\"summary_large_image\" \/>\n<meta name=\"twitter:label1\" content=\"Dur\u00e9e de lecture estim\u00e9e\" \/>\n\t<meta name=\"twitter:data1\" content=\"4 minutes\" \/>\n<script type=\"application\/ld+json\" class=\"yoast-schema-graph\">{\"@context\":\"https:\/\/schema.org\",\"@graph\":[{\"@type\":\"WebPage\",\"@id\":\"https:\/\/surlechemindesmots.fr\/index.php\/tarifs\/tarifspetits-budgets2\/\",\"url\":\"https:\/\/surlechemindesmots.fr\/index.php\/tarifs\/tarifspetits-budgets2\/\",\"name\":\"MA PETITE HISTOIRE - Sur le chemin des mots\",\"isPartOf\":{\"@id\":\"https:\/\/surlechemindesmots.fr\/#website\"},\"datePublished\":\"2016-08-25T08:35:38+00:00\",\"dateModified\":\"2016-08-27T22:45:49+00:00\",\"breadcrumb\":{\"@id\":\"https:\/\/surlechemindesmots.fr\/index.php\/tarifs\/tarifspetits-budgets2\/#breadcrumb\"},\"inLanguage\":\"fr-FR\",\"potentialAction\":[{\"@type\":\"ReadAction\",\"target\":[\"https:\/\/surlechemindesmots.fr\/index.php\/tarifs\/tarifspetits-budgets2\/\"]}]},{\"@type\":\"BreadcrumbList\",\"@id\":\"https:\/\/surlechemindesmots.fr\/index.php\/tarifs\/tarifspetits-budgets2\/#breadcrumb\",\"itemListElement\":[{\"@type\":\"ListItem\",\"position\":1,\"name\":\"Accueil\",\"item\":\"https:\/\/surlechemindesmots.fr\/\"},{\"@type\":\"ListItem\",\"position\":2,\"name\":\"Tarifs\",\"item\":\"https:\/\/surlechemindesmots.fr\/index.php\/tarifs\/\"},{\"@type\":\"ListItem\",\"position\":3,\"name\":\"MA PETITE HISTOIRE\"}]},{\"@type\":\"WebSite\",\"@id\":\"https:\/\/surlechemindesmots.fr\/#website\",\"url\":\"https:\/\/surlechemindesmots.fr\/\",\"name\":\"Sur le chemin des mots\",\"description\":\"\",\"potentialAction\":[{\"@type\":\"SearchAction\",\"target\":{\"@type\":\"EntryPoint\",\"urlTemplate\":\"https:\/\/surlechemindesmots.fr\/?s={search_term_string}\"},\"query-input\":\"required name=search_term_string\"}],\"inLanguage\":\"fr-FR\"}]}<\/script>\n<!-- \/ Yoast SEO plugin. -->","yoast_head_json":{"title":"MA PETITE HISTOIRE - Sur le chemin des mots","robots":{"index":"index","follow":"follow","max-snippet":"max-snippet:-1","max-image-preview":"max-image-preview:large","max-video-preview":"max-video-preview:-1"},"canonical":"https:\/\/surlechemindesmots.fr\/index.php\/tarifs\/tarifspetits-budgets2\/","og_locale":"fr_FR","og_type":"article","og_title":"MA PETITE HISTOIRE - Sur le chemin des mots","og_description":"Il vous tient \u00e0 c\u0153ur de raconter un \u00e9v\u00e9nement particulier, une p\u00e9riode de votre vie \u00e0 laquelle vous \u00eates attach\u00e9s ou les moments-cl\u00e9s de votre vie. D\u2019en garder une trace \u00e9crite. \u00ab\u00a0Ma petite histoire\u00a0\u00bb est pour vous\u00a0! &nbsp; \u00c9tape n\u00b01 : je vous rencontre. Nous aurons sans doute \u00e9chang\u00e9 une premi\u00e8re fois au t\u00e9l\u00e9phone (ou [&hellip;]","og_url":"https:\/\/surlechemindesmots.fr\/index.php\/tarifs\/tarifspetits-budgets2\/","og_site_name":"Sur le chemin des mots","article_modified_time":"2016-08-27T22:45:49+00:00","twitter_card":"summary_large_image","twitter_misc":{"Dur\u00e9e de lecture estim\u00e9e":"4 minutes"},"schema":{"@context":"https:\/\/schema.org","@graph":[{"@type":"WebPage","@id":"https:\/\/surlechemindesmots.fr\/index.php\/tarifs\/tarifspetits-budgets2\/","url":"https:\/\/surlechemindesmots.fr\/index.php\/tarifs\/tarifspetits-budgets2\/","name":"MA PETITE HISTOIRE - Sur le chemin des mots","isPartOf":{"@id":"https:\/\/surlechemindesmots.fr\/#website"},"datePublished":"2016-08-25T08:35:38+00:00","dateModified":"2016-08-27T22:45:49+00:00","breadcrumb":{"@id":"https:\/\/surlechemindesmots.fr\/index.php\/tarifs\/tarifspetits-budgets2\/#breadcrumb"},"inLanguage":"fr-FR","potentialAction":[{"@type":"ReadAction","target":["https:\/\/surlechemindesmots.fr\/index.php\/tarifs\/tarifspetits-budgets2\/"]}]},{"@type":"BreadcrumbList","@id":"https:\/\/surlechemindesmots.fr\/index.php\/tarifs\/tarifspetits-budgets2\/#breadcrumb","itemListElement":[{"@type":"ListItem","position":1,"name":"Accueil","item":"https:\/\/surlechemindesmots.fr\/"},{"@type":"ListItem","position":2,"name":"Tarifs","item":"https:\/\/surlechemindesmots.fr\/index.php\/tarifs\/"},{"@type":"ListItem","position":3,"name":"MA PETITE HISTOIRE"}]},{"@type":"WebSite","@id":"https:\/\/surlechemindesmots.fr\/#website","url":"https:\/\/surlechemindesmots.fr\/","name":"Sur le chemin des mots","description":"","potentialAction":[{"@type":"SearchAction","target":{"@type":"EntryPoint","urlTemplate":"https:\/\/surlechemindesmots.fr\/?s={search_term_string}"},"query-input":"required name=search_term_string"}],"inLanguage":"fr-FR"}]}},"_links":{"self":[{"href":"https:\/\/surlechemindesmots.fr\/index.php\/wp-json\/wp\/v2\/pages\/1652"}],"collection":[{"href":"https:\/\/surlechemindesmots.fr\/index.php\/wp-json\/wp\/v2\/pages"}],"about":[{"href":"https:\/\/surlechemindesmots.fr\/index.php\/wp-json\/wp\/v2\/types\/page"}],"author":[{"embeddable":true,"href":"https:\/\/surlechemindesmots.fr\/index.php\/wp-json\/wp\/v2\/users\/1"}],"replies":[{"embeddable":true,"href":"https:\/\/surlechemindesmots.fr\/index.php\/wp-json\/wp\/v2\/comments?post=1652"}],"version-history":[{"count":14,"href":"https:\/\/surlechemindesmots.fr\/index.php\/wp-json\/wp\/v2\/pages\/1652\/revisions"}],"predecessor-version":[{"id":1681,"href":"https:\/\/surlechemindesmots.fr\/index.php\/wp-json\/wp\/v2\/pages\/1652\/revisions\/1681"}],"up":[{"embeddable":true,"href":"https:\/\/surlechemindesmots.fr\/index.php\/wp-json\/wp\/v2\/pages\/73"}],"wp:attachment":[{"href":"https:\/\/surlechemindesmots.fr\/index.php\/wp-json\/wp\/v2\/media?parent=1652"}],"curies":[{"name":"wp","href":"https:\/\/api.w.org\/{rel}","templated":true}]}}